{"id":591,"date":"2026-01-28T19:48:33","date_gmt":"2026-01-28T19:48:33","guid":{"rendered":"https:\/\/radioosjakow.pl\/?page_id=591"},"modified":"2026-01-28T19:50:46","modified_gmt":"2026-01-28T19:50:46","slug":"babcia_dziadek_czernice","status":"publish","type":"page","link":"https:\/\/radioosjakow.pl\/?page_id=591","title":{"rendered":"\u015awi\u0119to Bab\u0107 i Dziadk\u00f3w w Katolickiej Szkole Podstawowej w Czernicach"},"content":{"rendered":"<style type=\"text\/css\" scoped>.rbs_gallery_69f1efe9ef669Spinner{\r\n\t\t\t\tmargin: 50px auto;\r\n\t\t\t\twidth: 50px;\r\n\t\t\t\theight: 40px;\r\n\t\t\t\ttext-align: center;\r\n\t\t\t\tfont-size: 10px;\r\n\t\t\t}\r\n\t\t\t.rbs_gallery_69f1efe9ef669Spinner > div{\r\n\t\t\t  background-color: #333;\r\n\t\t\t  height: 100%;\r\n\t\t\t  width: 6px;\r\n\t\t\t  display: inline-block;\r\n\t\t\t  -webkit-animation: rbs_gallery_69f1efe9ef669-stretchdelay 1.2s infinite ease-in-out;\r\n\t\t\t  animation: rbs_gallery_69f1efe9ef669-stretchdelay 1.2s infinite ease-in-out;\r\n\t\t\t}\r\n\t\t\t.rbs_gallery_69f1efe9ef669Spinner .rbs_gallery_69f1efe9ef669Rect2 {\r\n\t\t\t  -webkit-animation-delay: -1.1s;\r\n\t\t\t  animation-delay: -1.1s;\r\n\t\t\t}\r\n\t\t\t.rbs_gallery_69f1efe9ef669Spinner .rbs_gallery_69f1efe9ef669Rect3 {\r\n\t\t\t  -webkit-animation-delay: -1.0s;\r\n\t\t\t  animation-delay: -1.0s;\r\n\t\t\t}\r\n\t\t\t.rbs_gallery_69f1efe9ef669Spinner .rbs_gallery_69f1efe9ef669Rect4 {\r\n\t\t\t  -webkit-animation-delay: -0.9s;\r\n\t\t\t  animation-delay: -0.9s;\r\n\t\t\t}\r\n\t\t\t.rbs_gallery_69f1efe9ef669Spinner .rbs_gallery_69f1efe9ef669Rect5 {\r\n\t\t\t  -webkit-animation-delay: -0.8s;\r\n\t\t\t  animation-delay: -0.8s;\r\n\t\t\t}\r\n\t\t\t@-webkit-keyframes rbs_gallery_69f1efe9ef669-stretchdelay {\r\n\t\t\t  0%, 40%, 100% { -webkit-transform: scaleY(0.4) }  \r\n\t\t\t  20% { -webkit-transform: scaleY(1.0) }\r\n\t\t\t}\r\n\t\t\t@keyframes rbs_gallery_69f1efe9ef669-stretchdelay {\r\n\t\t\t  0%, 40%, 100% { \r\n\t\t\t    transform: scaleY(0.4);\r\n\t\t\t    -webkit-transform: scaleY(0.4);\r\n\t\t\t  }  20% { \r\n\t\t\t    transform: scaleY(1.0);\r\n\t\t\t    -webkit-transform: scaleY(1.0);\r\n\t\t\t  }\r\n\t\t\t}\r\n\t\t<\/style><div class=\"robo-gallery-wrap robo-gallery-wrap-id594 robo-gallery-grid\" ><div id=\"rbs_gallery_69f1efe9ef669-block-loader\" class=\"rbs_gallery_69f1efe9ef669Spinner\"><div class=\"rbs_gallery_69f1efe9ef669Rect1\"><\/div> <div class=\"rbs_gallery_69f1efe9ef669Rect2\"><\/div> <div class=\"rbs_gallery_69f1efe9ef669Rect3\"><\/div> <div class=\"rbs_gallery_69f1efe9ef669Rect4\"><\/div> <div class=\"rbs_gallery_69f1efe9ef669Rect5\"><\/div><\/div><div id=\"robo_gallery_main_block_rbs_gallery_69f1efe9ef669\" class=\"robogallery-gallery-594\" style=\"width:100%;  display: none;\"><div id=\"rbs_gallery_69f1efe9ef669\" data-options=\"rbs_gallery_69f1efe9ef669\" style=\"width:100%;\" class=\"robo_gallery  \"><div class=\"rbs-img  category594 \" ><div class=\"rbs-img-image   rbs-lightbox \" ><div class=\"rbs-img-thumbs\"  data-thumbnail=\"https:\/\/radioosjakow.pl\/wp-content\/uploads\/2026\/01\/622742427_1220666286250611_1008463834356941527_n-300x225.jpg\"  title=\"\u015awi\u0119to Bab\u0107 i Dziadk\u00f3w w Katolickiej Szkole Podstawowej w Czernicach\"  data-width=\"300\"  data-height=\"225\" ><\/div><div class=\"rbs-img-data-popup\"  data-popup=\"https:\/\/radioosjakow.pl\/wp-content\/uploads\/2026\/01\/622742427_1220666286250611_1008463834356941527_n.jpg\"  title=\"\u015awi\u0119to Bab\u0107 i Dziadk\u00f3w w Katolickiej Szkole Podstawowej w Czernicach\" ><\/div><div class=\"thumbnail-overlay\"><div class=\"rbsTitle \">\u015awi\u0119to Bab\u0107 i Dziadk\u00f3w w Katolickiej Szkole Podstawowej w Czernicach<\/div><div class=\"rbsIcons\"><i class=\"fa fa-search-plus rbsZoomIcon \" ><\/i><\/div><\/div><\/div><\/div><div class=\"rbs-img  category594 \" ><div class=\"rbs-img-image   rbs-lightbox \" ><div class=\"rbs-img-thumbs\"  data-thumbnail=\"https:\/\/radioosjakow.pl\/wp-content\/uploads\/2026\/01\/621744278_1698889767745949_7966553089249658900_n-e1769629992908-300x143.jpg\"  title=\"\u015awi\u0119to Bab\u0107 i Dziadk\u00f3w w Katolickiej Szkole Podstawowej w Czernicach\"  data-width=\"300\"  data-height=\"143\" ><\/div><div class=\"rbs-img-data-popup\"  data-popup=\"https:\/\/radioosjakow.pl\/wp-content\/uploads\/2026\/01\/621744278_1698889767745949_7966553089249658900_n-e1769629992908.jpg\"  title=\"\u015awi\u0119to Bab\u0107 i Dziadk\u00f3w w Katolickiej Szkole Podstawowej w Czernicach\" ><\/div><div class=\"thumbnail-overlay\"><div class=\"rbsTitle \">\u015awi\u0119to Bab\u0107 i Dziadk\u00f3w w Katolickiej Szkole Podstawowej w Czernicach<\/div><div class=\"rbsIcons\"><i class=\"fa fa-search-plus rbsZoomIcon \" ><\/i><\/div><\/div><\/div><\/div><div class=\"rbs-img  category594 \" ><div class=\"rbs-img-image   rbs-lightbox \" ><div class=\"rbs-img-thumbs\"  data-thumbnail=\"https:\/\/radioosjakow.pl\/wp-content\/uploads\/2026\/01\/622714286_1412461520233704_6626576405478705714_n-225x300.jpg\"  title=\"\u015awi\u0119to Bab\u0107 i Dziadk\u00f3w w Katolickiej Szkole Podstawowej w Czernicach\"  data-width=\"225\"  data-height=\"300\" ><\/div><div class=\"rbs-img-data-popup\"  data-popup=\"https:\/\/radioosjakow.pl\/wp-content\/uploads\/2026\/01\/622714286_1412461520233704_6626576405478705714_n.jpg\"  title=\"\u015awi\u0119to Bab\u0107 i Dziadk\u00f3w w Katolickiej Szkole Podstawowej w Czernicach\" ><\/div><div class=\"thumbnail-overlay\"><div class=\"rbsTitle \">\u015awi\u0119to Bab\u0107 i Dziadk\u00f3w w Katolickiej Szkole Podstawowej w Czernicach<\/div><div class=\"rbsIcons\"><i class=\"fa fa-search-plus rbsZoomIcon \" ><\/i><\/div><\/div><\/div><\/div><div class=\"rbs-img  category594 \" ><div class=\"rbs-img-image   rbs-lightbox \" ><div class=\"rbs-img-thumbs\"  data-thumbnail=\"https:\/\/radioosjakow.pl\/wp-content\/uploads\/2026\/01\/620157841_1708833850501795_5777751502525882856_n-300x225.jpg\"  title=\"\u015awi\u0119to Bab\u0107 i Dziadk\u00f3w w Katolickiej Szkole Podstawowej w Czernicach\"  data-width=\"300\"  data-height=\"225\" ><\/div><div class=\"rbs-img-data-popup\"  data-popup=\"https:\/\/radioosjakow.pl\/wp-content\/uploads\/2026\/01\/620157841_1708833850501795_5777751502525882856_n.jpg\"  title=\"\u015awi\u0119to Bab\u0107 i Dziadk\u00f3w w Katolickiej Szkole Podstawowej w Czernicach\" ><\/div><div class=\"thumbnail-overlay\"><div class=\"rbsTitle \">\u015awi\u0119to Bab\u0107 i Dziadk\u00f3w w Katolickiej Szkole Podstawowej w Czernicach<\/div><div class=\"rbsIcons\"><i class=\"fa fa-search-plus rbsZoomIcon \" ><\/i><\/div><\/div><\/div><\/div><div class=\"rbs-img  category594 \" ><div class=\"rbs-img-image   rbs-lightbox \" ><div class=\"rbs-img-thumbs\"  data-thumbnail=\"https:\/\/radioosjakow.pl\/wp-content\/uploads\/2026\/01\/620479485_1299217598685527_3431511399798100760_n-300x225.jpg\"  title=\"\u015awi\u0119to Bab\u0107 i Dziadk\u00f3w w Katolickiej Szkole Podstawowej w Czernicach\"  data-width=\"300\"  data-height=\"225\" ><\/div><div class=\"rbs-img-data-popup\"  data-popup=\"https:\/\/radioosjakow.pl\/wp-content\/uploads\/2026\/01\/620479485_1299217598685527_3431511399798100760_n.jpg\"  title=\"\u015awi\u0119to Bab\u0107 i Dziadk\u00f3w w Katolickiej Szkole Podstawowej w Czernicach\" ><\/div><div class=\"thumbnail-overlay\"><div class=\"rbsTitle \">\u015awi\u0119to Bab\u0107 i Dziadk\u00f3w w Katolickiej Szkole Podstawowej w Czernicach<\/div><div class=\"rbsIcons\"><i class=\"fa fa-search-plus rbsZoomIcon \" ><\/i><\/div><\/div><\/div><\/div><div class=\"rbs-img  category594 \" ><div class=\"rbs-img-image   rbs-lightbox \" ><div class=\"rbs-img-thumbs\"  data-thumbnail=\"https:\/\/radioosjakow.pl\/wp-content\/uploads\/2026\/01\/619526807_1193361872778022_6078849557588479360_n-300x225.jpg\"  title=\"\u015awi\u0119to Bab\u0107 i Dziadk\u00f3w w Katolickiej Szkole Podstawowej w Czernicach\"  data-width=\"300\"  data-height=\"225\" ><\/div><div class=\"rbs-img-data-popup\"  data-popup=\"https:\/\/radioosjakow.pl\/wp-content\/uploads\/2026\/01\/619526807_1193361872778022_6078849557588479360_n.jpg\"  title=\"\u015awi\u0119to Bab\u0107 i Dziadk\u00f3w w Katolickiej Szkole Podstawowej w Czernicach\" ><\/div><div class=\"thumbnail-overlay\"><div class=\"rbsTitle \">\u015awi\u0119to Bab\u0107 i Dziadk\u00f3w w Katolickiej Szkole Podstawowej w Czernicach<\/div><div class=\"rbsIcons\"><i class=\"fa fa-search-plus rbsZoomIcon \" ><\/i><\/div><\/div><\/div><\/div><div class=\"rbs-img  category594 \" ><div class=\"rbs-img-image   rbs-lightbox \" ><div class=\"rbs-img-thumbs\"  data-thumbnail=\"https:\/\/radioosjakow.pl\/wp-content\/uploads\/2026\/01\/619539547_1208382384818392_6536705490329737755_n-300x225.jpg\"  title=\"\u015awi\u0119to Bab\u0107 i Dziadk\u00f3w w Katolickiej Szkole Podstawowej w Czernicach\"  data-width=\"300\"  data-height=\"225\" ><\/div><div class=\"rbs-img-data-popup\"  data-popup=\"https:\/\/radioosjakow.pl\/wp-content\/uploads\/2026\/01\/619539547_1208382384818392_6536705490329737755_n.jpg\"  title=\"\u015awi\u0119to Bab\u0107 i Dziadk\u00f3w w Katolickiej Szkole Podstawowej w Czernicach\" ><\/div><div class=\"thumbnail-overlay\"><div class=\"rbsTitle \">\u015awi\u0119to Bab\u0107 i Dziadk\u00f3w w Katolickiej Szkole Podstawowej w Czernicach<\/div><div class=\"rbsIcons\"><i class=\"fa fa-search-plus rbsZoomIcon \" ><\/i><\/div><\/div><\/div><\/div><div class=\"rbs-img  category594 \" ><div class=\"rbs-img-image   rbs-lightbox \" ><div class=\"rbs-img-thumbs\"  data-thumbnail=\"https:\/\/radioosjakow.pl\/wp-content\/uploads\/2026\/01\/619581102_1247556623992365_8239165610863606988_n-300x225.jpg\"  title=\"\u015awi\u0119to Bab\u0107 i Dziadk\u00f3w w Katolickiej Szkole Podstawowej w Czernicach\"  data-width=\"300\"  data-height=\"225\" ><\/div><div class=\"rbs-img-data-popup\"  data-popup=\"https:\/\/radioosjakow.pl\/wp-content\/uploads\/2026\/01\/619581102_1247556623992365_8239165610863606988_n.jpg\"  title=\"\u015awi\u0119to Bab\u0107 i Dziadk\u00f3w w Katolickiej Szkole Podstawowej w Czernicach\" ><\/div><div class=\"thumbnail-overlay\"><div class=\"rbsTitle \">\u015awi\u0119to Bab\u0107 i Dziadk\u00f3w w Katolickiej Szkole Podstawowej w Czernicach<\/div><div class=\"rbsIcons\"><i class=\"fa fa-search-plus rbsZoomIcon \" ><\/i><\/div><\/div><\/div><\/div><\/div><\/div><\/div><script>var rbs_gallery_69f1efe9ef669 = {\"version\":\"5.1.4\",\"id\":594,\"class\":\"id594\",\"roboGalleryDelay\":1000,\"mainContainer\":\"#robo_gallery_main_block_rbs_gallery_69f1efe9ef669\",\"loadingContainer\":\"#rbs_gallery_69f1efe9ef669-block-loader\",\"loadingContainerObj\":\"rbs_gallery_69f1efe9ef669-block-loader\",\"columnWidth\":\"auto\",\"columns\":3,\"resolutions\":[{\"columnWidth\":\"auto\",\"columns\":3,\"maxWidth\":960},{\"columnWidth\":\"auto\",\"columns\":2,\"maxWidth\":650},{\"columnWidth\":\"auto\",\"columns\":1,\"maxWidth\":450}],\"lightboxOptions\":{\"gallery\":{\"enabled\":true,\"tCounter\":\"%curr% of %total%\"}},\"overlayEffect\":\"direction-aware-fade\",\"boxesToLoadStart\":12,\"boxesToLoad\":8,\"waitUntilThumbLoads\":1,\"LoadingWord\":\"Loading...\",\"loadMoreWord\":\"Load More\",\"noMoreEntriesWord\":\"No More Entries\",\"horizontalSpaceBetweenBoxes\":15,\"verticalSpaceBetweenBoxes\":15,\"lazyLoad\":1,\"wrapContainer\":\"#robo-gallery-wrap-rbs_gallery_69f1efe9ef669\"};<\/script>\n\n\n\n<p><\/p>\n","protected":false},"excerpt":{"rendered":"","protected":false},"author":1,"featured_media":583,"parent":0,"menu_order":0,"comment_status":"closed","ping_status":"closed","template":"","meta":{"footnotes":""},"class_list":["post-591","page","type-page","status-publish","has-post-thumbnail","hentry"],"_links":{"self":[{"href":"https:\/\/radioosjakow.pl\/index.php?rest_route=\/wp\/v2\/pages\/591","targetHints":{"allow":["GET"]}}],"collection":[{"href":"https:\/\/radioosjakow.pl\/index.php?rest_route=\/wp\/v2\/pages"}],"about":[{"href":"https:\/\/radioosjakow.pl\/index.php?rest_route=\/wp\/v2\/types\/page"}],"author":[{"embeddable":true,"href":"https:\/\/radioosjakow.pl\/index.php?rest_route=\/wp\/v2\/users\/1"}],"replies":[{"embeddable":true,"href":"https:\/\/radioosjakow.pl\/index.php?rest_route=%2Fwp%2Fv2%2Fcomments&post=591"}],"version-history":[{"count":3,"href":"https:\/\/radioosjakow.pl\/index.php?rest_route=\/wp\/v2\/pages\/591\/revisions"}],"predecessor-version":[{"id":595,"href":"https:\/\/radioosjakow.pl\/index.php?rest_route=\/wp\/v2\/pages\/591\/revisions\/595"}],"wp:featuredmedia":[{"embeddable":true,"href":"https:\/\/radioosjakow.pl\/index.php?rest_route=\/wp\/v2\/media\/583"}],"wp:attachment":[{"href":"https:\/\/radioosjakow.pl\/index.php?rest_route=%2Fwp%2Fv2%2Fmedia&parent=591"}],"curies":[{"name":"wp","href":"https:\/\/api.w.org\/{rel}","templated":true}]}}